{"id":1327,"date":"2022-12-04T10:45:22","date_gmt":"2022-12-04T13:45:22","guid":{"rendered":"https:\/\/museologiavirtual.tech\/porumasociedadeantirracista\/?page_id=1327"},"modified":"2022-12-04T11:11:02","modified_gmt":"2022-12-04T14:11:02","slug":"blog","status":"publish","type":"page","link":"https:\/\/museologiavirtual.tech\/porumasociedadeantirracista\/?page_id=1327","title":{"rendered":"Blog"},"content":{"rendered":"\t\t<div data-elementor-type=\"wp-page\" data-elementor-id=\"1327\" class=\"elementor elementor-1327\">\n\t\t\t\t\t\t<section class=\"elementor-section elementor-top-section elementor-element elementor-element-5c5f48c elementor-section-boxed elementor-section-height-default elementor-section-height-default\" data-id=\"5c5f48c\" data-element_type=\"section\" data-e-type=\"section\">\n\t\t\t\t\t\t<div class=\"elementor-container elementor-column-gap-default\">\n\t\t\t\t\t<div class=\"elementor-column elementor-col-100 elementor-top-column elementor-element elementor-element-e8f4a82\" data-id=\"e8f4a82\" data-element_type=\"column\" data-e-type=\"column\">\n\t\t\t<div class=\"elementor-widget-wrap elementor-element-populated\">\n\t\t\t\t\t\t<div class=\"elementor-element elementor-element-ed58e84 elementor-widget elementor-widget-bdt-post-grid\" data-id=\"ed58e84\" data-element_type=\"widget\" data-e-type=\"widget\" data-settings=\"{&quot;columns&quot;:&quot;3&quot;,&quot;columns_tablet&quot;:&quot;2&quot;,&quot;columns_mobile&quot;:&quot;1&quot;}\" data-widget_type=\"bdt-post-grid.bdt-trosia\">\n\t\t\t\t<div class=\"elementor-widget-container\">\n\t\t\t\t\t \n\t\t<div id=\"bdt-post-grid-ed58e84\" class=\"bdt-post-grid bdt-post-grid-skin-trosia\">\n\t  \t\t<div class=\"bdt-grid bdt-grid-small\" data-bdt-grid>\n\n\t\t\t\t\t\t\n\n\t\t            <div class=\"bdt-width-1-1 bdt-width-1-2@s bdt-width-1-3@m\">\n\t\t\t\t\t\t<div class=\"bdt-post-grid-item bdt-transition-toggle bdt-position-relative\">\n\t\t\t\t\t\t\t\t\n\t\t\t\t\t\t\t<div class=\"bdt-post-grid-img-wrap bdt-overflow-hidden\">\n\t\t\t\t<a href=\"https:\/\/museologiavirtual.tech\/porumasociedadeantirracista\/?p=1337\" class=\"bdt-transition-scale-up bdt-background-cover bdt-transition-opaque bdt-flex\" title=\"Laborat\u00f3rio de Desenvolvimento de Exposi\u00e7\u00f5es &#8211; LADEX\" style=\"background-image: url(https:\/\/museologiavirtual.tech\/porumasociedadeantirracista\/wp-content\/uploads\/2022\/12\/78e47f4f-269d-41b1-a83b-3506bed53d22.jpeg)\">\n  \t\t\t\t<\/a>\n\t\t\t<\/div>\n\t\t\t\t\t\t\t<div class=\"bdt-custom-overlay bdt-position-cover\"><\/div>\n\t\t\t\t\t  \t\t\n\t\t\t\t\t  \t\t<div class=\"bdt-post-grid-desc bdt-position-bottom\">\n\t\t\t\t\t\t  \t\t<div class=\"bdt-position-medium \">\n\n\t\t\t\t\t\t\t\t\t<h2 class=\"bdt-post-grid-title\" >\n\t\t\t\t<a href=\"https:\/\/museologiavirtual.tech\/porumasociedadeantirracista\/?p=1337\" class=\"bdt-post-grid-link\" title=\"Laborat\u00f3rio de Desenvolvimento de Exposi\u00e7\u00f5es &#8211; LADEX\">\n\t\t\t\t\tLaborat\u00f3rio de Desenvolvimento de Exposi\u00e7\u00f5es &#8211; LADEX\n\t\t\t\t<\/a>\n\t\t\t<\/h2>\n\t\t\t\t\t            \t\t\t\t\t\t\t\t\t\t\t<div class=\"bdt-post-grid-meta bdt-subnav bdt-flex-inline bdt-flex-middle bdt-margin-small-top\">\n\t\t\t\t\t\t\t\t\t\t\t<span class=\"bdt-post-grid-author\"><a href=\"https:\/\/museologiavirtual.tech\/porumasociedadeantirracista\/?author=1\">Magaldi<\/a><\/span>\t\t\t\t\t\t\t\t\t\t\t<span class=\"bdt-post-grid-date\">4 de dezembro de 2022<\/span>\t\t\t\t\t\t\t\t\t\t\t<div class=\"bdt-post-grid-comments bdt-inline-block\"><span><i class=\"ep-icon-bubble\" aria-hidden=\"true\"><\/i> 0<\/span><\/div>\t\t\t\t\t\t\t\t\t\t\t\t\t\t\t\t\t\t\t\t\t<\/div>\n\t\t\t\t\t\t\t\t\t\t\t\t\t\t\t\t\t\t\n\t\t\t\t\t\t\t  \t\t<div class=\"bdt-transition-slide-bottom\">\n\t\t\t\t\t\t\t\t\t\t\t\t\t\t\t\t\t\t\t<\/div>\n\t\t\t\t\t\t\t\t<\/div>\n\t\t\t\t\t\t\t<\/div>\n\n\t\t\t\t\t\t\t\t\t<div class=\"bdt-post-grid-category bdt-position-small bdt-position-top-left\">\n\n\t\t\t<a href=\"https:\/\/museologiavirtual.tech\/porumasociedadeantirracista\/?cat=1\">Geral<\/a>\t\t<\/div>\n\t\n\t\t\t\t\t\t<\/div>\n\t\t            <\/div>\n\n\t\t\t\t\t\t\n\n\t\t            <div class=\"bdt-width-1-1 bdt-width-1-2@s bdt-width-1-3@m\">\n\t\t\t\t\t\t<div class=\"bdt-post-grid-item bdt-transition-toggle bdt-position-relative\">\n\t\t\t\t\t\t\t\t\n\t\t\t\t\t\t\t<div class=\"bdt-post-grid-img-wrap bdt-overflow-hidden\">\n\t\t\t\t<a href=\"https:\/\/museologiavirtual.tech\/porumasociedadeantirracista\/?p=1334\" class=\"bdt-transition-scale-up bdt-background-cover bdt-transition-opaque bdt-flex\" title=\"Programa de P\u00f3s-Gradua\u00e7\u00e3o em Museologia e Patrim\u00f4nio\" style=\"background-image: url(https:\/\/museologiavirtual.tech\/porumasociedadeantirracista\/wp-content\/uploads\/2022\/12\/78e47f4f-269d-41b1-a83b-3506bed53d22.jpeg)\">\n  \t\t\t\t<\/a>\n\t\t\t<\/div>\n\t\t\t\t\t\t\t<div class=\"bdt-custom-overlay bdt-position-cover\"><\/div>\n\t\t\t\t\t  \t\t\n\t\t\t\t\t  \t\t<div class=\"bdt-post-grid-desc bdt-position-bottom\">\n\t\t\t\t\t\t  \t\t<div class=\"bdt-position-medium \">\n\n\t\t\t\t\t\t\t\t\t<h2 class=\"bdt-post-grid-title bdt-post-grid-title\" >\n\t\t\t\t<a href=\"https:\/\/museologiavirtual.tech\/porumasociedadeantirracista\/?p=1334\" class=\"bdt-post-grid-link\" title=\"Programa de P\u00f3s-Gradua\u00e7\u00e3o em Museologia e Patrim\u00f4nio\">\n\t\t\t\t\tPrograma de P\u00f3s-Gradua\u00e7\u00e3o em Museologia e Patrim\u00f4nio\n\t\t\t\t<\/a>\n\t\t\t<\/h2>\n\t\t\t\t\t            \t\t\t\t\t\t\t\t\t\t\t<div class=\"bdt-post-grid-meta bdt-subnav bdt-flex-inline bdt-flex-middle bdt-margin-small-top\">\n\t\t\t\t\t\t\t\t\t\t\t<span class=\"bdt-post-grid-author\"><a href=\"https:\/\/museologiavirtual.tech\/porumasociedadeantirracista\/?author=1\">Magaldi<\/a><\/span>\t\t\t\t\t\t\t\t\t\t\t<span class=\"bdt-post-grid-date\">4 de dezembro de 2022<\/span>\t\t\t\t\t\t\t\t\t\t\t<div class=\"bdt-post-grid-comments bdt-inline-block\"><span><i class=\"ep-icon-bubble\" aria-hidden=\"true\"><\/i> 0<\/span><\/div>\t\t\t\t\t\t\t\t\t\t\t\t\t\t\t\t\t\t\t\t\t<\/div>\n\t\t\t\t\t\t\t\t\t\t\t\t\t\t\t\t\t\t\n\t\t\t\t\t\t\t  \t\t<div class=\"bdt-transition-slide-bottom\">\n\t\t\t\t\t\t\t\t\t\t\t\t\t\t\t\t\t\t\t<\/div>\n\t\t\t\t\t\t\t\t<\/div>\n\t\t\t\t\t\t\t<\/div>\n\n\t\t\t\t\t\t\t\t\t<div class=\"bdt-post-grid-category bdt-position-small bdt-position-top-left\">\n\n\t\t\t<a href=\"https:\/\/museologiavirtual.tech\/porumasociedadeantirracista\/?cat=1\">Geral<\/a>\t\t<\/div>\n\t\n\t\t\t\t\t\t<\/div>\n\t\t            <\/div>\n\n\t\t\t\t\t\t\n\n\t\t            <div class=\"bdt-width-1-1 bdt-width-1-2@s bdt-width-1-3@m\">\n\t\t\t\t\t\t<div class=\"bdt-post-grid-item bdt-transition-toggle bdt-position-relative\">\n\t\t\t\t\t\t\t\t\n\t\t\t\t\t\t\t<div class=\"bdt-post-grid-img-wrap bdt-overflow-hidden\">\n\t\t\t\t<a href=\"https:\/\/museologiavirtual.tech\/porumasociedadeantirracista\/?p=1\" class=\"bdt-transition-scale-up bdt-background-cover bdt-transition-opaque bdt-flex\" title=\"Alunos do Curso de Museologia realizam visita t\u00e9cnica ao AquaRio\" style=\"background-image: url(https:\/\/museologiavirtual.tech\/porumasociedadeantirracista\/wp-content\/uploads\/2022\/10\/foto3pequena2.jpg)\">\n  \t\t\t\t<\/a>\n\t\t\t<\/div>\n\t\t\t\t\t\t\t<div class=\"bdt-custom-overlay bdt-position-cover\"><\/div>\n\t\t\t\t\t  \t\t\n\t\t\t\t\t  \t\t<div class=\"bdt-post-grid-desc bdt-position-bottom\">\n\t\t\t\t\t\t  \t\t<div class=\"bdt-position-medium \">\n\n\t\t\t\t\t\t\t\t\t<h2 class=\"bdt-post-grid-title bdt-post-grid-title bdt-post-grid-title\" >\n\t\t\t\t<a href=\"https:\/\/museologiavirtual.tech\/porumasociedadeantirracista\/?p=1\" class=\"bdt-post-grid-link\" title=\"Alunos do Curso de Museologia realizam visita t\u00e9cnica ao AquaRio\">\n\t\t\t\t\tAlunos do Curso de Museologia realizam visita t\u00e9cnica ao AquaRio\n\t\t\t\t<\/a>\n\t\t\t<\/h2>\n\t\t\t\t\t            \t\t\t\t\t\t\t\t\t\t\t<div class=\"bdt-post-grid-meta bdt-subnav bdt-flex-inline bdt-flex-middle bdt-margin-small-top\">\n\t\t\t\t\t\t\t\t\t\t\t<span class=\"bdt-post-grid-author\"><a href=\"https:\/\/museologiavirtual.tech\/porumasociedadeantirracista\/?author=1\">Magaldi<\/a><\/span>\t\t\t\t\t\t\t\t\t\t\t<span class=\"bdt-post-grid-date\">26 de outubro de 2022<\/span>\t\t\t\t\t\t\t\t\t\t\t<div class=\"bdt-post-grid-comments bdt-inline-block\"><span><i class=\"ep-icon-bubble\" aria-hidden=\"true\"><\/i> 1<\/span><\/div>\t\t\t\t\t\t\t\t\t\t\t\t\t\t\t\t\t\t\t\t\t<\/div>\n\t\t\t\t\t\t\t\t\t\t\t\t\t\t\t\t\t\t\n\t\t\t\t\t\t\t  \t\t<div class=\"bdt-transition-slide-bottom\">\n\t\t\t\t\t\t\t\t\t\t\t\t\t\t\t\t\t\t\t<\/div>\n\t\t\t\t\t\t\t\t<\/div>\n\t\t\t\t\t\t\t<\/div>\n\n\t\t\t\t\t\t\t\t\t<div class=\"bdt-post-grid-category bdt-position-small bdt-position-top-left\">\n\n\t\t\t<a href=\"https:\/\/museologiavirtual.tech\/porumasociedadeantirracista\/?cat=1\">Geral<\/a>\t\t<\/div>\n\t\n\t\t\t\t\t\t<\/div>\n\t\t            <\/div>\n\n\t\t\t\t\t\t\t<\/div>\n\t\t<\/div>\n\t\n \t\t\t\t\t<div class=\"ep-pagination\">\n\t\t\t\t\t\t\t<\/div>\n\t\t\t\t\t\t\t<\/div>\n\t\t\t\t<\/div>\n\t\t\t\t\t<\/div>\n\t\t<\/div>\n\t\t\t\t\t<\/div>\n\t\t<\/section>\n\t\t\t\t<\/div>\n\t\t","protected":false},"excerpt":{"rendered":"<p>Laborat\u00f3rio de Desenvolvimento de Exposi\u00e7\u00f5es &#8211; LADEX adm 4 de dezembro de 2022 0 Geral Programa de P\u00f3s-Gradua\u00e7\u00e3o em Museologia e Patrim\u00f4nio adm 4 de dezembro de 2022 0 Geral Alunos do Curso de Museologia realizam visita t\u00e9cnica ao AquaRio adm 26 de outubro de 2022 1 Geral<\/p>\n","protected":false},"author":1,"featured_media":0,"parent":0,"menu_order":0,"comment_status":"closed","ping_status":"closed","template":"elementor_header_footer","meta":{"footnotes":""},"class_list":["post-1327","page","type-page","status-publish","hentry"],"yoast_head":"<!-- This site is optimized with the Yoast SEO Premium plugin v20.1 (Yoast SEO v27.5) - https:\/\/yoast.com\/product\/yoast-seo-premium-wordpress\/ -->\n<title>Blog - Por uma sociedade antirracista<\/title>\n<meta name=\"robots\" content=\"index, follow, max-snippet:-1, max-image-preview:large, max-video-preview:-1\" \/>\n<link rel=\"canonical\" href=\"https:\/\/museologiavirtual.tech\/porumasociedadeantirracista\/?page_id=1327\" \/>\n<meta property=\"og:locale\" content=\"pt_BR\" \/>\n<meta property=\"og:type\" content=\"article\" \/>\n<meta property=\"og:title\" content=\"Blog\" \/>\n<meta property=\"og:description\" content=\"Laborat\u00f3rio de Desenvolvimento de Exposi\u00e7\u00f5es &#8211; LADEX adm 4 de dezembro de 2022 0 Geral Programa de P\u00f3s-Gradua\u00e7\u00e3o em Museologia e Patrim\u00f4nio adm 4 de dezembro de 2022 0 Geral Alunos do Curso de Museologia realizam visita t\u00e9cnica ao AquaRio adm 26 de outubro de 2022 1 Geral\" \/>\n<meta property=\"og:url\" content=\"https:\/\/museologiavirtual.tech\/porumasociedadeantirracista\/?page_id=1327\" \/>\n<meta property=\"og:site_name\" content=\"Por uma sociedade antirracista\" \/>\n<meta property=\"article:publisher\" content=\"https:\/\/www.facebook.com\/EscoladeMuseologiaUnirio\/\" \/>\n<meta property=\"article:modified_time\" content=\"2022-12-04T14:11:02+00:00\" \/>\n<meta name=\"twitter:card\" content=\"summary_large_image\" \/>\n<meta name=\"twitter:label1\" content=\"Est. tempo de leitura\" \/>\n\t<meta name=\"twitter:data1\" content=\"1 minuto\" \/>\n<script type=\"application\/ld+json\" class=\"yoast-schema-graph\">{\"@context\":\"https:\\\/\\\/schema.org\",\"@graph\":[{\"@type\":\"WebPage\",\"@id\":\"https:\\\/\\\/museologiavirtual.tech\\\/porumasociedadeantirracista\\\/?page_id=1327\",\"url\":\"https:\\\/\\\/museologiavirtual.tech\\\/porumasociedadeantirracista\\\/?page_id=1327\",\"name\":\"Blog - Por uma sociedade antirracista\",\"isPartOf\":{\"@id\":\"https:\\\/\\\/museologiavirtual.tech\\\/porumasociedadeantirracista\\\/#website\"},\"datePublished\":\"2022-12-04T13:45:22+00:00\",\"dateModified\":\"2022-12-04T14:11:02+00:00\",\"breadcrumb\":{\"@id\":\"https:\\\/\\\/museologiavirtual.tech\\\/porumasociedadeantirracista\\\/?page_id=1327#breadcrumb\"},\"inLanguage\":\"pt-BR\",\"potentialAction\":[{\"@type\":\"ReadAction\",\"target\":[\"https:\\\/\\\/museologiavirtual.tech\\\/porumasociedadeantirracista\\\/?page_id=1327\"]}]},{\"@type\":\"BreadcrumbList\",\"@id\":\"https:\\\/\\\/museologiavirtual.tech\\\/porumasociedadeantirracista\\\/?page_id=1327#breadcrumb\",\"itemListElement\":[{\"@type\":\"ListItem\",\"position\":1,\"name\":\"Home\",\"item\":\"https:\\\/\\\/museologiavirtual.tech\\\/porumasociedadeantirracista\\\/\"},{\"@type\":\"ListItem\",\"position\":2,\"name\":\"Blog\"}]},{\"@type\":\"WebSite\",\"@id\":\"https:\\\/\\\/museologiavirtual.tech\\\/porumasociedadeantirracista\\\/#website\",\"url\":\"https:\\\/\\\/museologiavirtual.tech\\\/porumasociedadeantirracista\\\/\",\"name\":\"Escola de Museologia Unirio\",\"description\":\"Museologia - Unirio\",\"publisher\":{\"@id\":\"https:\\\/\\\/museologiavirtual.tech\\\/porumasociedadeantirracista\\\/#organization\"},\"potentialAction\":[{\"@type\":\"SearchAction\",\"target\":{\"@type\":\"EntryPoint\",\"urlTemplate\":\"https:\\\/\\\/museologiavirtual.tech\\\/porumasociedadeantirracista\\\/?s={search_term_string}\"},\"query-input\":{\"@type\":\"PropertyValueSpecification\",\"valueRequired\":true,\"valueName\":\"search_term_string\"}}],\"inLanguage\":\"pt-BR\"},{\"@type\":\"Organization\",\"@id\":\"https:\\\/\\\/museologiavirtual.tech\\\/porumasociedadeantirracista\\\/#organization\",\"name\":\"Escola de Museologia Unirio\",\"url\":\"https:\\\/\\\/museologiavirtual.tech\\\/porumasociedadeantirracista\\\/\",\"logo\":{\"@type\":\"ImageObject\",\"inLanguage\":\"pt-BR\",\"@id\":\"https:\\\/\\\/museologiavirtual.tech\\\/porumasociedadeantirracista\\\/#\\\/schema\\\/logo\\\/image\\\/\",\"url\":\"https:\\\/\\\/museologiavirtual.tech\\\/porumasociedadeantirracista\\\/wp-content\\\/uploads\\\/2023\\\/12\\\/unirio.png\",\"contentUrl\":\"https:\\\/\\\/museologiavirtual.tech\\\/porumasociedadeantirracista\\\/wp-content\\\/uploads\\\/2023\\\/12\\\/unirio.png\",\"width\":2206,\"height\":2156,\"caption\":\"Escola de Museologia Unirio\"},\"image\":{\"@id\":\"https:\\\/\\\/museologiavirtual.tech\\\/porumasociedadeantirracista\\\/#\\\/schema\\\/logo\\\/image\\\/\"},\"sameAs\":[\"https:\\\/\\\/www.facebook.com\\\/EscoladeMuseologiaUnirio\\\/\"]}]}<\/script>\n<!-- \/ Yoast SEO Premium plugin. -->","yoast_head_json":{"title":"Blog - Por uma sociedade antirracista","robots":{"index":"index","follow":"follow","max-snippet":"max-snippet:-1","max-image-preview":"max-image-preview:large","max-video-preview":"max-video-preview:-1"},"canonical":"https:\/\/museologiavirtual.tech\/porumasociedadeantirracista\/?page_id=1327","og_locale":"pt_BR","og_type":"article","og_title":"Blog","og_description":"Laborat\u00f3rio de Desenvolvimento de Exposi\u00e7\u00f5es &#8211; LADEX adm 4 de dezembro de 2022 0 Geral Programa de P\u00f3s-Gradua\u00e7\u00e3o em Museologia e Patrim\u00f4nio adm 4 de dezembro de 2022 0 Geral Alunos do Curso de Museologia realizam visita t\u00e9cnica ao AquaRio adm 26 de outubro de 2022 1 Geral","og_url":"https:\/\/museologiavirtual.tech\/porumasociedadeantirracista\/?page_id=1327","og_site_name":"Por uma sociedade antirracista","article_publisher":"https:\/\/www.facebook.com\/EscoladeMuseologiaUnirio\/","article_modified_time":"2022-12-04T14:11:02+00:00","twitter_card":"summary_large_image","twitter_misc":{"Est. tempo de leitura":"1 minuto"},"schema":{"@context":"https:\/\/schema.org","@graph":[{"@type":"WebPage","@id":"https:\/\/museologiavirtual.tech\/porumasociedadeantirracista\/?page_id=1327","url":"https:\/\/museologiavirtual.tech\/porumasociedadeantirracista\/?page_id=1327","name":"Blog - Por uma sociedade antirracista","isPartOf":{"@id":"https:\/\/museologiavirtual.tech\/porumasociedadeantirracista\/#website"},"datePublished":"2022-12-04T13:45:22+00:00","dateModified":"2022-12-04T14:11:02+00:00","breadcrumb":{"@id":"https:\/\/museologiavirtual.tech\/porumasociedadeantirracista\/?page_id=1327#breadcrumb"},"inLanguage":"pt-BR","potentialAction":[{"@type":"ReadAction","target":["https:\/\/museologiavirtual.tech\/porumasociedadeantirracista\/?page_id=1327"]}]},{"@type":"BreadcrumbList","@id":"https:\/\/museologiavirtual.tech\/porumasociedadeantirracista\/?page_id=1327#breadcrumb","itemListElement":[{"@type":"ListItem","position":1,"name":"Home","item":"https:\/\/museologiavirtual.tech\/porumasociedadeantirracista\/"},{"@type":"ListItem","position":2,"name":"Blog"}]},{"@type":"WebSite","@id":"https:\/\/museologiavirtual.tech\/porumasociedadeantirracista\/#website","url":"https:\/\/museologiavirtual.tech\/porumasociedadeantirracista\/","name":"Escola de Museologia Unirio","description":"Museologia - Unirio","publisher":{"@id":"https:\/\/museologiavirtual.tech\/porumasociedadeantirracista\/#organization"},"potentialAction":[{"@type":"SearchAction","target":{"@type":"EntryPoint","urlTemplate":"https:\/\/museologiavirtual.tech\/porumasociedadeantirracista\/?s={search_term_string}"},"query-input":{"@type":"PropertyValueSpecification","valueRequired":true,"valueName":"search_term_string"}}],"inLanguage":"pt-BR"},{"@type":"Organization","@id":"https:\/\/museologiavirtual.tech\/porumasociedadeantirracista\/#organization","name":"Escola de Museologia Unirio","url":"https:\/\/museologiavirtual.tech\/porumasociedadeantirracista\/","logo":{"@type":"ImageObject","inLanguage":"pt-BR","@id":"https:\/\/museologiavirtual.tech\/porumasociedadeantirracista\/#\/schema\/logo\/image\/","url":"https:\/\/museologiavirtual.tech\/porumasociedadeantirracista\/wp-content\/uploads\/2023\/12\/unirio.png","contentUrl":"https:\/\/museologiavirtual.tech\/porumasociedadeantirracista\/wp-content\/uploads\/2023\/12\/unirio.png","width":2206,"height":2156,"caption":"Escola de Museologia Unirio"},"image":{"@id":"https:\/\/museologiavirtual.tech\/porumasociedadeantirracista\/#\/schema\/logo\/image\/"},"sameAs":["https:\/\/www.facebook.com\/EscoladeMuseologiaUnirio\/"]}]}},"_links":{"self":[{"href":"https:\/\/museologiavirtual.tech\/porumasociedadeantirracista\/index.php?rest_route=\/wp\/v2\/pages\/1327","targetHints":{"allow":["GET"]}}],"collection":[{"href":"https:\/\/museologiavirtual.tech\/porumasociedadeantirracista\/index.php?rest_route=\/wp\/v2\/pages"}],"about":[{"href":"https:\/\/museologiavirtual.tech\/porumasociedadeantirracista\/index.php?rest_route=\/wp\/v2\/types\/page"}],"author":[{"embeddable":true,"href":"https:\/\/museologiavirtual.tech\/porumasociedadeantirracista\/index.php?rest_route=\/wp\/v2\/users\/1"}],"replies":[{"embeddable":true,"href":"https:\/\/museologiavirtual.tech\/porumasociedadeantirracista\/index.php?rest_route=%2Fwp%2Fv2%2Fcomments&post=1327"}],"version-history":[{"count":11,"href":"https:\/\/museologiavirtual.tech\/porumasociedadeantirracista\/index.php?rest_route=\/wp\/v2\/pages\/1327\/revisions"}],"predecessor-version":[{"id":3583,"href":"https:\/\/museologiavirtual.tech\/porumasociedadeantirracista\/index.php?rest_route=\/wp\/v2\/pages\/1327\/revisions\/3583"}],"wp:attachment":[{"href":"https:\/\/museologiavirtual.tech\/porumasociedadeantirracista\/index.php?rest_route=%2Fwp%2Fv2%2Fmedia&parent=1327"}],"curies":[{"name":"wp","href":"https:\/\/api.w.org\/{rel}","templated":true}]}}